{"id":19,"date":"2025-12-12T07:57:20","date_gmt":"2025-12-12T07:57:20","guid":{"rendered":"https:\/\/www.reconnectproject.org\/home\/"},"modified":"2026-04-21T09:20:32","modified_gmt":"2026-04-21T09:20:32","slug":"home","status":"publish","type":"page","link":"https:\/\/www.reconnectproject.org\/de\/","title":{"rendered":""},"content":{"rendered":"<div data-elementor-type=\"wp-page\" data-elementor-id=\"19\" class=\"elementor elementor-19\">\n\t\t\t\t<div class=\"elementor-element elementor-element-38ec198 e-flex e-con-boxed e-con e-parent\" data-id=\"38ec198\" data-element_type=\"container\" data-e-type=\"container\">\n\t\t\t\t\t<div class=\"e-con-inner\">\n\t\t<div class=\"elementor-element elementor-element-c7062fe e-con-full elementor-hidden-tablet elementor-hidden-mobile e-flex e-con e-child\" data-id=\"c7062fe\" data-element_type=\"container\" data-e-type=\"container\">\n\t\t\t\t<\/div>\n\t\t<div class=\"elementor-element elementor-element-b52bf29 e-con-full e-flex e-con e-child\" data-id=\"b52bf29\" data-element_type=\"container\" data-e-type=\"container\">\n\t\t\t\t<div class=\"elementor-element elementor-element-57aa384e elementor-widget elementor-widget-image\" data-id=\"57aa384e\" data-element_type=\"widget\" data-e-type=\"widget\" data-widget_type=\"image.default\">\n\t\t\t\t\t\t\t\t\t\t\t\t\t\t\t<img fetchpriority=\"high\" decoding=\"async\" width=\"800\" height=\"518\" src=\"https:\/\/www.reconnectproject.org\/wp-content\/uploads\/2026\/01\/RECONNECT_Logo-1024x663.png\" class=\"attachment-large size-large wp-image-118\" alt=\"\" srcset=\"https:\/\/www.reconnectproject.org\/wp-content\/uploads\/2026\/01\/RECONNECT_Logo-1024x663.png 1024w, https:\/\/www.reconnectproject.org\/wp-content\/uploads\/2026\/01\/RECONNECT_Logo-300x194.png 300w, https:\/\/www.reconnectproject.org\/wp-content\/uploads\/2026\/01\/RECONNECT_Logo-768x497.png 768w, https:\/\/www.reconnectproject.org\/wp-content\/uploads\/2026\/01\/RECONNECT_Logo.png 1404w\" sizes=\"(max-width: 800px) 100vw, 800px\" \/>\t\t\t\t\t\t\t\t\t\t\t\t\t\t\t<\/div>\n\t\t\t\t<\/div>\n\t\t<div class=\"elementor-element elementor-element-9afb6e2 e-con-full e-flex e-con e-child\" data-id=\"9afb6e2\" data-element_type=\"container\" data-e-type=\"container\">\n\t\t\t\t<div class=\"elementor-element elementor-element-1a207acc elementor-widget elementor-widget-heading\" data-id=\"1a207acc\" data-element_type=\"widget\" data-e-type=\"widget\" data-widget_type=\"heading.default\">\n\t\t\t\t\t<h1 class=\"elementor-heading-title elementor-size-default\">Verstehen, st\u00e4rken, begleiten - Lehrkr\u00e4fte und Sch\u00fclerInnen als Schl\u00fcssel zur Reintegration von Hikikomori-Betroffenen<\/h1>\t\t\t\t<\/div>\n\t\t\t\t<div class=\"elementor-element elementor-element-7238abd elementor-widget elementor-widget-text-editor\" data-id=\"7238abd\" data-element_type=\"widget\" data-e-type=\"widget\" data-widget_type=\"text-editor.default\">\n\t\t\t\t\t\t\t\t\t<p>Ein innovatives Erasmus+ KA2 Projekt<\/p>\t\t\t\t\t\t\t\t<\/div>\n\t\t\t\t<\/div>\n\t\t\t\t\t<\/div>\n\t\t\t\t<\/div>\n\t\t<div class=\"elementor-element elementor-element-c9d761 e-flex e-con-boxed e-con e-parent\" data-id=\"c9d761\" data-element_type=\"container\" data-e-type=\"container\">\n\t\t\t\t\t<div class=\"e-con-inner\">\n\t\t<div class=\"elementor-element elementor-element-15726d2e e-con-full e-flex e-con e-child\" data-id=\"15726d2e\" data-element_type=\"container\" data-e-type=\"container\">\n\t\t<div class=\"elementor-element elementor-element-2f56bbea e-con-full e-flex e-con e-child\" data-id=\"2f56bbea\" data-element_type=\"container\" data-e-type=\"container\">\n\t\t\t\t<div class=\"elementor-element elementor-element-89eab88 elementor-widget elementor-widget-image\" data-id=\"89eab88\" data-element_type=\"widget\" data-e-type=\"widget\" data-widget_type=\"image.default\">\n\t\t\t\t\t\t\t\t\t\t\t\t\t\t\t<img decoding=\"async\" width=\"800\" height=\"800\" src=\"https:\/\/www.reconnectproject.org\/wp-content\/uploads\/2026\/01\/Gemini_Generated_Image_mag687mag687mag6.png\" class=\"attachment-large size-large wp-image-169\" alt=\"\" srcset=\"https:\/\/www.reconnectproject.org\/wp-content\/uploads\/2026\/01\/Gemini_Generated_Image_mag687mag687mag6.png 1024w, https:\/\/www.reconnectproject.org\/wp-content\/uploads\/2026\/01\/Gemini_Generated_Image_mag687mag687mag6-300x300.png 300w, https:\/\/www.reconnectproject.org\/wp-content\/uploads\/2026\/01\/Gemini_Generated_Image_mag687mag687mag6-150x150.png 150w, https:\/\/www.reconnectproject.org\/wp-content\/uploads\/2026\/01\/Gemini_Generated_Image_mag687mag687mag6-768x768.png 768w\" sizes=\"(max-width: 800px) 100vw, 800px\" \/>\t\t\t\t\t\t\t\t\t\t\t\t\t\t\t<\/div>\n\t\t\t\t<div class=\"elementor-element elementor-element-57d0b113 elementor-widget elementor-widget-image\" data-id=\"57d0b113\" data-element_type=\"widget\" data-e-type=\"widget\" data-widget_type=\"image.default\">\n\t\t\t\t\t\t\t\t\t\t\t\t\t\t\t<img decoding=\"async\" width=\"800\" height=\"800\" src=\"https:\/\/www.reconnectproject.org\/wp-content\/uploads\/2026\/01\/Gemini_Generated_Image_gplzwfgplzwfgplz.png\" class=\"attachment-large size-large wp-image-164\" alt=\"\" srcset=\"https:\/\/www.reconnectproject.org\/wp-content\/uploads\/2026\/01\/Gemini_Generated_Image_gplzwfgplzwfgplz.png 1024w, https:\/\/www.reconnectproject.org\/wp-content\/uploads\/2026\/01\/Gemini_Generated_Image_gplzwfgplzwfgplz-300x300.png 300w, https:\/\/www.reconnectproject.org\/wp-content\/uploads\/2026\/01\/Gemini_Generated_Image_gplzwfgplzwfgplz-150x150.png 150w, https:\/\/www.reconnectproject.org\/wp-content\/uploads\/2026\/01\/Gemini_Generated_Image_gplzwfgplzwfgplz-768x768.png 768w\" sizes=\"(max-width: 800px) 100vw, 800px\" \/>\t\t\t\t\t\t\t\t\t\t\t\t\t\t\t<\/div>\n\t\t\t\t<\/div>\n\t\t<div class=\"elementor-element elementor-element-2b0c30c7 e-con-full e-flex e-con e-child\" data-id=\"2b0c30c7\" data-element_type=\"container\" data-e-type=\"container\">\n\t\t\t\t<div class=\"elementor-element elementor-element-4b2b4596 elementor-widget elementor-widget-image\" data-id=\"4b2b4596\" data-element_type=\"widget\" data-e-type=\"widget\" data-widget_type=\"image.default\">\n\t\t\t\t\t\t\t\t\t\t\t\t\t\t\t<img loading=\"lazy\" decoding=\"async\" width=\"700\" height=\"700\" src=\"https:\/\/www.reconnectproject.org\/wp-content\/uploads\/2026\/01\/a3654177452_16.jpg\" class=\"attachment-large size-large wp-image-152\" alt=\"\" srcset=\"https:\/\/www.reconnectproject.org\/wp-content\/uploads\/2026\/01\/a3654177452_16.jpg 700w, https:\/\/www.reconnectproject.org\/wp-content\/uploads\/2026\/01\/a3654177452_16-300x300.jpg 300w, https:\/\/www.reconnectproject.org\/wp-content\/uploads\/2026\/01\/a3654177452_16-150x150.jpg 150w\" sizes=\"(max-width: 700px) 100vw, 700px\" \/>\t\t\t\t\t\t\t\t\t\t\t\t\t\t\t<\/div>\n\t\t\t\t<div class=\"elementor-element elementor-element-464a79a7 elementor-widget elementor-widget-image\" data-id=\"464a79a7\" data-element_type=\"widget\" data-e-type=\"widget\" data-widget_type=\"image.default\">\n\t\t\t\t\t\t\t\t\t\t\t\t\t\t\t<img loading=\"lazy\" decoding=\"async\" width=\"800\" height=\"800\" src=\"https:\/\/www.reconnectproject.org\/wp-content\/uploads\/2026\/01\/Gemini_Generated_Image_ua5eibua5eibua5e.png\" class=\"attachment-large size-large wp-image-163\" alt=\"\" srcset=\"https:\/\/www.reconnectproject.org\/wp-content\/uploads\/2026\/01\/Gemini_Generated_Image_ua5eibua5eibua5e.png 1024w, https:\/\/www.reconnectproject.org\/wp-content\/uploads\/2026\/01\/Gemini_Generated_Image_ua5eibua5eibua5e-300x300.png 300w, https:\/\/www.reconnectproject.org\/wp-content\/uploads\/2026\/01\/Gemini_Generated_Image_ua5eibua5eibua5e-150x150.png 150w, https:\/\/www.reconnectproject.org\/wp-content\/uploads\/2026\/01\/Gemini_Generated_Image_ua5eibua5eibua5e-768x768.png 768w\" sizes=\"(max-width: 800px) 100vw, 800px\" \/>\t\t\t\t\t\t\t\t\t\t\t\t\t\t\t<\/div>\n\t\t\t\t<\/div>\n\t\t\t\t<\/div>\n\t\t<div class=\"elementor-element elementor-element-4f8ee444 e-con-full e-flex e-con e-child\" data-id=\"4f8ee444\" data-element_type=\"container\" data-e-type=\"container\">\n\t\t\t\t<div class=\"elementor-element elementor-element-9ee5181 elementor-widget elementor-widget-heading\" data-id=\"9ee5181\" data-element_type=\"widget\" data-e-type=\"widget\" data-widget_type=\"heading.default\">\n\t\t\t\t\t<h3 class=\"elementor-heading-title elementor-size-default\">Das Projekt<\/h3>\t\t\t\t<\/div>\n\t\t\t\t<div class=\"elementor-element elementor-element-2eaf6e65 elementor-widget elementor-widget-text-editor\" data-id=\"2eaf6e65\" data-element_type=\"widget\" data-e-type=\"widget\" data-widget_type=\"text-editor.default\">\n\t\t\t\t\t\t\t\t\t<p>RECONNECT ist ein innovatives Erasmus+ KA2 Projekt, welches darauf abzielt, die Kompetenzen von Lehrkr\u00e4ften und anderen Schulfachkr\u00e4ften zu verbessern, um die soziale und schulische Wiedereingliederung von Hikikomori und Jugendlichen, die von sozialem R\u00fcckzug bedroht sind (Endbeg\u00fcnstigte), besser zu unterst\u00fctzen und so ihren vorzeitigen Schulabbruch zu verhindern. Dies soll durch spezielle Schulungen, gezielte und spielerische Herangehensweisen sowie die Einbeziehung von Gleichaltrigen erreicht werden, um den Wiedereingliederungsprozess zu unterst\u00fctzen und ein integrativeres und unterst\u00fctzendes Schulumfeld zu f\u00f6rdern.<\/p>\t\t\t\t\t\t\t\t<\/div>\n\t\t\t\t<div class=\"elementor-element elementor-element-63759388 elementor-mobile-align-center elementor-invisible elementor-widget elementor-widget-button\" data-id=\"63759388\" data-element_type=\"widget\" data-e-type=\"widget\" data-settings=\"{&quot;_animation&quot;:&quot;fadeInDown&quot;}\" data-widget_type=\"button.default\">\n\t\t\t\t\t\t\t\t\t\t<a class=\"elementor-button elementor-button-link elementor-size-sm\" href=\"#output\">\n\t\t\t\t\t\t<span class=\"elementor-button-content-wrapper\">\n\t\t\t\t\t\t\t\t\t<span class=\"elementor-button-text\">Mehr erfahren<\/span>\n\t\t\t\t\t<\/span>\n\t\t\t\t\t<\/a>\n\t\t\t\t\t\t\t\t<\/div>\n\t\t\t\t<\/div>\n\t\t\t\t\t<\/div>\n\t\t\t\t<\/div>\n\t\t<div class=\"elementor-element elementor-element-52009fc7 e-con-full e-flex e-con e-parent\" data-id=\"52009fc7\" data-element_type=\"container\" data-e-type=\"container\" id=\"next\">\n\t\t\t\t<div class=\"elementor-element elementor-element-2fc42d6 elementor-widget elementor-widget-heading\" data-id=\"2fc42d6\" data-element_type=\"widget\" data-e-type=\"widget\" data-widget_type=\"heading.default\">\n\t\t\t\t\t<h3 class=\"elementor-heading-title elementor-size-default\">Ziele<\/h3>\t\t\t\t<\/div>\n\t\t\t\t<div class=\"elementor-element elementor-element-5bceb5b elementor-widget elementor-widget-heading\" data-id=\"5bceb5b\" data-element_type=\"widget\" data-e-type=\"widget\" data-widget_type=\"heading.default\">\n\t\t\t\t\t<p class=\"elementor-heading-title elementor-size-default\">Das RECONNECT Projekt zielt darauf ab, konkrete und nachhaltige Verbesserungen f\u00fcr die Schulgemeinschaft zu erzielen und dabei die folgenden Ergebnisse zu erreichen<\/p>\t\t\t\t<\/div>\n\t\t<div class=\"elementor-element elementor-element-3c3ff8fb e-con-full e-flex e-con e-child\" data-id=\"3c3ff8fb\" data-element_type=\"container\" data-e-type=\"container\">\n\t\t<div class=\"elementor-element elementor-element-9fddacb e-con-full e-flex e-con e-child\" data-id=\"9fddacb\" data-element_type=\"container\" data-e-type=\"container\">\n\t\t\t\t<div class=\"elementor-element elementor-element-38ec4b01 elementor-position-top elementor-widget elementor-widget-image-box\" data-id=\"38ec4b01\" data-element_type=\"widget\" data-e-type=\"widget\" data-widget_type=\"image-box.default\">\n\t\t\t\t\t<div class=\"elementor-image-box-wrapper\"><figure class=\"elementor-image-box-img\"><a href=\"#\" tabindex=\"-1\"><img loading=\"lazy\" decoding=\"async\" width=\"1024\" height=\"1024\" src=\"https:\/\/www.reconnectproject.org\/wp-content\/uploads\/2026\/01\/Gemini_Generated_Image_67lvvr67lvvr67lv.png\" class=\"elementor-animation-grow attachment-full size-full wp-image-156\" alt=\"\" srcset=\"https:\/\/www.reconnectproject.org\/wp-content\/uploads\/2026\/01\/Gemini_Generated_Image_67lvvr67lvvr67lv.png 1024w, https:\/\/www.reconnectproject.org\/wp-content\/uploads\/2026\/01\/Gemini_Generated_Image_67lvvr67lvvr67lv-300x300.png 300w, https:\/\/www.reconnectproject.org\/wp-content\/uploads\/2026\/01\/Gemini_Generated_Image_67lvvr67lvvr67lv-150x150.png 150w, https:\/\/www.reconnectproject.org\/wp-content\/uploads\/2026\/01\/Gemini_Generated_Image_67lvvr67lvvr67lv-768x768.png 768w\" sizes=\"(max-width: 1024px) 100vw, 1024px\" \/><\/a><\/figure><div class=\"elementor-image-box-content\"><h4 class=\"elementor-image-box-title\"><a href=\"#\">Unterst\u00fctzung f\u00fcr Sch\u00fclerInnen im Alter von 14 bis 19 Jahren mit Hikikomori-Syndrom\u00a0<\/a><\/h4><p class=\"elementor-image-box-description\">Aufbau eines Netzwerks aus LehrerInnen\/Schulfachkr\u00e4ften, Familien und Gleichaltrigen, um diese Sch\u00fclerInnen w\u00e4hrend ihrer sozialen Isolation zu unterst\u00fctzen und sie schrittweise wieder in das schulische und soziale Leben zu integrieren, um so einen Schulabbruch zu verhindern.<\/p><\/div><\/div>\t\t\t\t<\/div>\n\t\t\t\t<\/div>\n\t\t<div class=\"elementor-element elementor-element-4c39669a e-con-full e-flex e-con e-child\" data-id=\"4c39669a\" data-element_type=\"container\" data-e-type=\"container\">\n\t\t\t\t<div class=\"elementor-element elementor-element-12427114 elementor-position-top elementor-widget elementor-widget-image-box\" data-id=\"12427114\" data-element_type=\"widget\" data-e-type=\"widget\" data-widget_type=\"image-box.default\">\n\t\t\t\t\t<div class=\"elementor-image-box-wrapper\"><figure class=\"elementor-image-box-img\"><a href=\"#\" tabindex=\"-1\"><img loading=\"lazy\" decoding=\"async\" width=\"1024\" height=\"1024\" src=\"https:\/\/www.reconnectproject.org\/wp-content\/uploads\/2026\/01\/unnamed.jpg\" class=\"elementor-animation-grow attachment-full size-full wp-image-160\" alt=\"\" srcset=\"https:\/\/www.reconnectproject.org\/wp-content\/uploads\/2026\/01\/unnamed.jpg 1024w, https:\/\/www.reconnectproject.org\/wp-content\/uploads\/2026\/01\/unnamed-300x300.jpg 300w, https:\/\/www.reconnectproject.org\/wp-content\/uploads\/2026\/01\/unnamed-150x150.jpg 150w, https:\/\/www.reconnectproject.org\/wp-content\/uploads\/2026\/01\/unnamed-768x768.jpg 768w\" sizes=\"(max-width: 1024px) 100vw, 1024px\" \/><\/a><\/figure><div class=\"elementor-image-box-content\"><h4 class=\"elementor-image-box-title\"><a href=\"#\">F\u00f6rderung eines positiven und integrativen Schulumfelds <\/a><\/h4><p class=\"elementor-image-box-description\">Unterst\u00fctzung der psychischen Gesundheit und des Wohlbefindens aller Sch\u00fclerInnen, Vermittlung von Wissen an LehrerInnen und Jugendliche, damit sie Gleichaltrige mit sozialen Schwierigkeiten, insbesondere solche mit Hikikomori-Syndrom und Gefahr des sozialen R\u00fcckzugs, unterst\u00fctzen k\u00f6nnen.<\/p><\/div><\/div>\t\t\t\t<\/div>\n\t\t\t\t<\/div>\n\t\t<div class=\"elementor-element elementor-element-1876cc9e e-con-full e-flex e-con e-child\" data-id=\"1876cc9e\" data-element_type=\"container\" data-e-type=\"container\">\n\t\t\t\t<div class=\"elementor-element elementor-element-4025a830 elementor-position-top elementor-widget elementor-widget-image-box\" data-id=\"4025a830\" data-element_type=\"widget\" data-e-type=\"widget\" data-widget_type=\"image-box.default\">\n\t\t\t\t\t<div class=\"elementor-image-box-wrapper\"><figure class=\"elementor-image-box-img\"><a href=\"#\" tabindex=\"-1\"><img loading=\"lazy\" decoding=\"async\" width=\"1024\" height=\"1024\" src=\"https:\/\/www.reconnectproject.org\/wp-content\/uploads\/2026\/01\/Gemini_Generated_Image_ge0xubge0xubge0x.png\" class=\"elementor-animation-grow attachment-full size-full wp-image-162\" alt=\"\" srcset=\"https:\/\/www.reconnectproject.org\/wp-content\/uploads\/2026\/01\/Gemini_Generated_Image_ge0xubge0xubge0x.png 1024w, https:\/\/www.reconnectproject.org\/wp-content\/uploads\/2026\/01\/Gemini_Generated_Image_ge0xubge0xubge0x-300x300.png 300w, https:\/\/www.reconnectproject.org\/wp-content\/uploads\/2026\/01\/Gemini_Generated_Image_ge0xubge0xubge0x-150x150.png 150w, https:\/\/www.reconnectproject.org\/wp-content\/uploads\/2026\/01\/Gemini_Generated_Image_ge0xubge0xubge0x-768x768.png 768w\" sizes=\"(max-width: 1024px) 100vw, 1024px\" \/><\/a><\/figure><div class=\"elementor-image-box-content\"><h4 class=\"elementor-image-box-title\"><a href=\"#\">Unterst\u00fctzung von Lehrkr\u00e4ften bei ihrer beruflichen Weiterentwicklung <\/a><\/h4><p class=\"elementor-image-box-description\">Vermittlung von theoretischem Wissen und h\u00f6heren Kompetenzen an Lehrkr\u00e4fte, damit sie fr\u00fche Anzeichen sozialer Isolation bei Sch\u00fclerInnen erkennen und ma\u00dfgeschneiderte Interventionsprogramme mit einem schulweiten Ansatz umsetzen k\u00f6nnen.<\/p><\/div><\/div>\t\t\t\t<\/div>\n\t\t\t\t<\/div>\n\t\t\t\t<\/div>\n\t\t\t\t<\/div>\n\t\t<div class=\"elementor-element elementor-element-5ac1d9c8 e-con-full e-flex e-con e-parent\" data-id=\"5ac1d9c8\" data-element_type=\"container\" data-e-type=\"container\" data-settings=\"{&quot;background_background&quot;:&quot;classic&quot;}\">\n\t\t\t\t<div class=\"elementor-element elementor-element-6748abe3 elementor-widget elementor-widget-heading\" data-id=\"6748abe3\" data-element_type=\"widget\" data-e-type=\"widget\" data-widget_type=\"heading.default\">\n\t\t\t\t\t<h3 class=\"elementor-heading-title elementor-size-default\">Verbreitungsmaterialien<\/h3>\t\t\t\t<\/div>\n\t\t\t\t<\/div>\n\t\t<div class=\"elementor-element elementor-element-6a59126 e-grid e-con-boxed e-con e-parent\" data-id=\"6a59126\" data-element_type=\"container\" data-e-type=\"container\">\n\t\t\t\t\t<div class=\"e-con-inner\">\n\t\t\t\t<div class=\"elementor-element elementor-element-7537f42 elementor-widget elementor-widget-text-editor\" data-id=\"7537f42\" data-element_type=\"widget\" data-e-type=\"widget\" data-widget_type=\"text-editor.default\">\n\t\t\t\t\t\t\t\t\t<h1 style=\"text-align: center;\"><strong>FLYERS<\/strong><\/h1>\t\t\t\t\t\t\t\t<\/div>\n\t\t\t\t<div class=\"elementor-element elementor-element-50f3837 elementor-widget elementor-widget-text-editor\" data-id=\"50f3837\" data-element_type=\"widget\" data-e-type=\"widget\" data-widget_type=\"text-editor.default\">\n\t\t\t\t\t\t\t\t\t<h1 style=\"text-align: center;\"><strong>NEWSLETTERS<\/strong><\/h1>\t\t\t\t\t\t\t\t<\/div>\n\t\t\t\t<div class=\"elementor-element elementor-element-778a4ac elementor-widget elementor-widget-text-editor\" data-id=\"778a4ac\" data-element_type=\"widget\" data-e-type=\"widget\" data-widget_type=\"text-editor.default\">\n\t\t\t\t\t\t\t\t\t<h1 style=\"text-align: center;\"><strong>POSTER<\/strong><\/h1>\t\t\t\t\t\t\t\t<\/div>\n\t\t\t\t<div class=\"elementor-element elementor-element-296ef0b elementor-mobile-align-center elementor-align-center elementor-invisible elementor-widget elementor-widget-button\" data-id=\"296ef0b\" data-element_type=\"widget\" data-e-type=\"widget\" data-settings=\"{&quot;_animation&quot;:&quot;fadeInDown&quot;}\" data-widget_type=\"button.default\">\n\t\t\t\t\t\t\t\t\t\t<a class=\"elementor-button elementor-button-link elementor-size-sm\" href=\"https:\/\/drive.google.com\/drive\/folders\/13QE4wGJIDZ_qzZedxJEYYnwrF1OXs7PB?usp=sharing\" target=\"_blank\">\n\t\t\t\t\t\t<span class=\"elementor-button-content-wrapper\">\n\t\t\t\t\t\t\t\t\t<span class=\"elementor-button-text\">Mehr erfahren<\/span>\n\t\t\t\t\t<\/span>\n\t\t\t\t\t<\/a>\n\t\t\t\t\t\t\t\t<\/div>\n\t\t\t\t<div class=\"elementor-element elementor-element-eefd222 elementor-mobile-align-center elementor-align-center elementor-invisible elementor-widget elementor-widget-button\" data-id=\"eefd222\" data-element_type=\"widget\" data-e-type=\"widget\" data-settings=\"{&quot;_animation&quot;:&quot;fadeInDown&quot;}\" data-widget_type=\"button.default\">\n\t\t\t\t\t\t\t\t\t\t<a class=\"elementor-button elementor-button-link elementor-size-sm\" href=\"https:\/\/drive.google.com\/drive\/folders\/17sa-MWn26uIdBZRLkkiySr5t70qeUpIY?usp=sharing\" target=\"_blank\">\n\t\t\t\t\t\t<span class=\"elementor-button-content-wrapper\">\n\t\t\t\t\t\t\t\t\t<span class=\"elementor-button-text\">Mehr erfahren<\/span>\n\t\t\t\t\t<\/span>\n\t\t\t\t\t<\/a>\n\t\t\t\t\t\t\t\t<\/div>\n\t\t\t\t<div class=\"elementor-element elementor-element-bb86ac9 elementor-mobile-align-center elementor-align-center elementor-invisible elementor-widget elementor-widget-button\" data-id=\"bb86ac9\" data-element_type=\"widget\" data-e-type=\"widget\" data-settings=\"{&quot;_animation&quot;:&quot;fadeInDown&quot;}\" data-widget_type=\"button.default\">\n\t\t\t\t\t\t\t\t\t\t<a class=\"elementor-button elementor-button-link elementor-size-sm\" href=\"https:\/\/drive.google.com\/drive\/folders\/11eg3jVrvUYr1znig8BYIqJoIBRbU-Nv8?usp=sharing\" target=\"_blank\">\n\t\t\t\t\t\t<span class=\"elementor-button-content-wrapper\">\n\t\t\t\t\t\t\t\t\t<span class=\"elementor-button-text\">Mehr erfahren<\/span>\n\t\t\t\t\t<\/span>\n\t\t\t\t\t<\/a>\n\t\t\t\t\t\t\t\t<\/div>\n\t\t\t\t\t<\/div>\n\t\t\t\t<\/div>\n\t\t<div class=\"elementor-element elementor-element-550697b e-con-full e-flex e-con e-parent\" data-id=\"550697b\" data-element_type=\"container\" data-e-type=\"container\" data-settings=\"{&quot;background_background&quot;:&quot;classic&quot;}\">\n\t\t\t\t<div class=\"elementor-element elementor-element-9ab271a elementor-widget elementor-widget-menu-anchor\" data-id=\"9ab271a\" data-element_type=\"widget\" data-e-type=\"widget\" data-widget_type=\"menu-anchor.default\">\n\t\t\t\t\t\t\t<div class=\"elementor-menu-anchor\" id=\"output\"><\/div>\n\t\t\t\t\t\t<\/div>\n\t\t\t\t<div class=\"elementor-element elementor-element-b94d27a elementor-widget elementor-widget-heading\" data-id=\"b94d27a\" data-element_type=\"widget\" data-e-type=\"widget\" data-widget_type=\"heading.default\">\n\t\t\t\t\t<h3 class=\"elementor-heading-title elementor-size-default\">Projekt Ergebnisse<\/h3>\t\t\t\t<\/div>\n\t\t\t\t<\/div>\n\t\t<div class=\"elementor-element elementor-element-8241735 e-flex e-con-boxed e-con e-parent\" data-id=\"8241735\" data-element_type=\"container\" data-e-type=\"container\">\n\t\t\t\t\t<div class=\"e-con-inner\">\n\t\t<div class=\"elementor-element elementor-element-b471503 e-con-full e-flex e-con e-child\" data-id=\"b471503\" data-element_type=\"container\" data-e-type=\"container\">\n\t\t\t\t<div class=\"elementor-element elementor-element-6951886 elementor-widget elementor-widget-image\" data-id=\"6951886\" data-element_type=\"widget\" data-e-type=\"widget\" data-widget_type=\"image.default\">\n\t\t\t\t\t\t\t\t\t\t\t\t\t\t\t<img decoding=\"async\" src=\"https:\/\/www.reconnectproject.org\/wp-content\/uploads\/elementor\/thumbs\/Gemini_Generated_Image_g3qo68g3qo68g3qo-rhef2bfh2nn5wji81hx3nqng4efuqyxaol9ip0ajfs.png\" title=\"Gemini_Generated_Image_g3qo68g3qo68g3qo\" alt=\"Gemini_Generated_Image_g3qo68g3qo68g3qo\" loading=\"lazy\" \/>\t\t\t\t\t\t\t\t\t\t\t\t\t\t\t<\/div>\n\t\t\t\t<div class=\"elementor-element elementor-element-ddff23d elementor-widget elementor-widget-text-editor\" data-id=\"ddff23d\" data-element_type=\"widget\" data-e-type=\"widget\" data-widget_type=\"text-editor.default\">\n\t\t\t\t\t\t\t\t\t<h5 style=\"text-align: center;\"><strong>LehrerInnen Curriculum\u00a0<\/strong><\/h5>\t\t\t\t\t\t\t\t<\/div>\n\t\t\t\t<div class=\"elementor-element elementor-element-2a35bca elementor-widget elementor-widget-text-editor\" data-id=\"2a35bca\" data-element_type=\"widget\" data-e-type=\"widget\" data-widget_type=\"text-editor.default\">\n\t\t\t\t\t\t\t\t\t<p style=\"text-align: center;\">Ein Kurs, der in verschiedene Module unterteilt ist und LehrerInnen und Schulfachkr\u00e4ften fundierte Kenntnisse \u00fcber das Hikikomori-Syndrom und hohe Kompetenzen im Umgang damit vermitteln soll.<\/p>\t\t\t\t\t\t\t\t<\/div>\n\t\t\t\t<\/div>\n\t\t<div class=\"elementor-element elementor-element-aa2bc33 e-con-full e-flex e-con e-child\" data-id=\"aa2bc33\" data-element_type=\"container\" data-e-type=\"container\">\n\t\t\t\t<div class=\"elementor-element elementor-element-26bbc19 elementor-widget elementor-widget-image\" data-id=\"26bbc19\" data-element_type=\"widget\" data-e-type=\"widget\" data-widget_type=\"image.default\">\n\t\t\t\t\t\t\t\t\t\t\t\t\t\t\t<img decoding=\"async\" src=\"https:\/\/www.reconnectproject.org\/wp-content\/uploads\/elementor\/thumbs\/Gemini_Generated_Image_3s8ky43s8ky43s8k-rhef5qkbxybq5gjd2h588dktxvkxrbi4tiq4k97yso.png\" title=\"Gemini_Generated_Image_3s8ky43s8ky43s8k\" alt=\"Gemini_Generated_Image_3s8ky43s8ky43s8k\" loading=\"lazy\" \/>\t\t\t\t\t\t\t\t\t\t\t\t\t\t\t<\/div>\n\t\t\t\t<div class=\"elementor-element elementor-element-03a13df elementor-widget elementor-widget-text-editor\" data-id=\"03a13df\" data-element_type=\"widget\" data-e-type=\"widget\" data-widget_type=\"text-editor.default\">\n\t\t\t\t\t\t\t\t\t<h5 style=\"text-align: center;\"><strong>Mitsch\u00fclerInnen Curriculum\u00a0<\/strong><\/h5>\t\t\t\t\t\t\t\t<\/div>\n\t\t\t\t<div class=\"elementor-element elementor-element-c50390d elementor-widget elementor-widget-text-editor\" data-id=\"c50390d\" data-element_type=\"widget\" data-e-type=\"widget\" data-widget_type=\"text-editor.default\">\n\t\t\t\t\t\t\t\t\t<p style=\"text-align: center;\">Ein Kurs, der Jugendliche dazu bef\u00e4higt, ihren Mitsch\u00fclerInnen bei sozialen Problemen zu helfen und als erste Anlaufstelle zu fungieren, um bei ersten Anzeichen der St\u00f6rung umgehend einzugreifen.<\/p>\t\t\t\t\t\t\t\t<\/div>\n\t\t\t\t<\/div>\n\t\t<div class=\"elementor-element elementor-element-e2a64bf e-con-full e-flex e-con e-child\" data-id=\"e2a64bf\" data-element_type=\"container\" data-e-type=\"container\">\n\t\t\t\t<div class=\"elementor-element elementor-element-ccd8cdb elementor-widget elementor-widget-image\" data-id=\"ccd8cdb\" data-element_type=\"widget\" data-e-type=\"widget\" data-widget_type=\"image.default\">\n\t\t\t\t\t\t\t\t\t\t\t\t\t\t\t<img decoding=\"async\" src=\"https:\/\/www.reconnectproject.org\/wp-content\/uploads\/elementor\/thumbs\/Gemini_Generated_Image_p1vd7pp1vd7pp1vd-rhef6vx8anwccavacz0ta3542tx3602bn7fhofin6w.png\" title=\"Gemini_Generated_Image_p1vd7pp1vd7pp1vd\" alt=\"Gemini_Generated_Image_p1vd7pp1vd7pp1vd\" loading=\"lazy\" \/>\t\t\t\t\t\t\t\t\t\t\t\t\t\t\t<\/div>\n\t\t\t\t<div class=\"elementor-element elementor-element-35cd46c elementor-widget elementor-widget-text-editor\" data-id=\"35cd46c\" data-element_type=\"widget\" data-e-type=\"widget\" data-widget_type=\"text-editor.default\">\n\t\t\t\t\t\t\t\t\t<h5 style=\"text-align: center;\"><strong>Online-Spielplattform f\u00fcr LehrerInnen\/P\u00e4dagogInnen und sozial zur\u00fcckgezogene Jugendliche\u00a0<\/strong><\/h5>\t\t\t\t\t\t\t\t<\/div>\n\t\t\t\t<div class=\"elementor-element elementor-element-fe1dc6b elementor-widget elementor-widget-text-editor\" data-id=\"fe1dc6b\" data-element_type=\"widget\" data-e-type=\"widget\" data-widget_type=\"text-editor.default\">\n\t\t\t\t\t\t\t\t\t<p style=\"text-align: center;\">Das Hikikomori-Syndrom, das in engem Zusammenhang mit \u00fcberm\u00e4\u00dfiger Internetnutzung steht, kann durch spielerische Tools bek\u00e4mpft werden, die Betroffene im eigenen Tempo einbinden und so den sozialen Druck verringern. Das Projekt zielt darauf ab, eine Online-Spielplattform f\u00fcr Hikikomori und LehrerInnen zu schaffen, die spielbasiertes Lernen und die EU-Strategie \u201eDigitales Jahrzehnt\u201c integriert, mit dem Ziel, Jugendliche mit professioneller Unterst\u00fctzung wieder in die Gesellschaft zu integrieren.<\/p>\t\t\t\t\t\t\t\t<\/div>\n\t\t\t\t<\/div>\n\t\t<div class=\"elementor-element elementor-element-13b6a6b e-con-full e-flex e-con e-child\" data-id=\"13b6a6b\" data-element_type=\"container\" data-e-type=\"container\">\n\t\t\t\t<div class=\"elementor-element elementor-element-bafe7f3 elementor-widget elementor-widget-image\" data-id=\"bafe7f3\" data-element_type=\"widget\" data-e-type=\"widget\" data-widget_type=\"image.default\">\n\t\t\t\t\t\t\t\t\t\t\t\t\t\t\t<img decoding=\"async\" src=\"https:\/\/www.reconnectproject.org\/wp-content\/uploads\/elementor\/thumbs\/Gemini_Generated_Image_1dkm4h1dkm4h1dkm-rhef8thacejk7g292t37ell81ce8zlqgkrpf6wnieg.png\" title=\"Gemini_Generated_Image_1dkm4h1dkm4h1dkm\" alt=\"Gemini_Generated_Image_1dkm4h1dkm4h1dkm\" loading=\"lazy\" \/>\t\t\t\t\t\t\t\t\t\t\t\t\t\t\t<\/div>\n\t\t\t\t<div class=\"elementor-element elementor-element-cb8e8b5 elementor-widget elementor-widget-text-editor\" data-id=\"cb8e8b5\" data-element_type=\"widget\" data-e-type=\"widget\" data-widget_type=\"text-editor.default\">\n\t\t\t\t\t\t\t\t\t<h5 style=\"text-align: center;\"><strong>Gemeinschaftsplattform \u00a0<\/strong><\/h5>\t\t\t\t\t\t\t\t<\/div>\n\t\t\t\t<div class=\"elementor-element elementor-element-4361b38 elementor-widget elementor-widget-text-editor\" data-id=\"4361b38\" data-element_type=\"widget\" data-e-type=\"widget\" data-widget_type=\"text-editor.default\">\n\t\t\t\t\t\t\t\t\tDas Projekt zielt darauf ab, eine Plattform auf EU-Ebene zu schaffen, um Ressourcen zum Hikikomori-Syndrom zu unterst\u00fctzen und auszutauschen. Es wird drei Hauptbereiche umfassen \n<\/br>\n1. <b>WISSEN<\/b>, mit Bildungsmaterialien und Leitf\u00e4den f\u00fcr Lehrkr\u00e4fte\n<\/br>\n2. <b>ERFAHRUNGSBERICHTE<\/b>, mit einem interaktiven Blog zum Austausch pers\u00f6nlicher Erfahrungen\n<\/br>\n3. <b>GESPR\u00c4CHE<\/b>zur F\u00f6rderung EU-weiter Interaktionen durch einen kollaborativen Podcast. \nDie Plattform wird als Drehscheibe dienen, um das Bewusstsein zu sch\u00e4rfen, Verbindungen zu f\u00f6rdern und Erkenntnisse auszutauschen.\n\t\t\t\t\t\t\t\t<\/div>\n\t\t\t\t<\/div>\n\t\t\t\t\t<\/div>\n\t\t\t\t<\/div>\n\t\t<div class=\"elementor-element elementor-element-5c61ddf e-flex e-con-boxed e-con e-parent\" data-id=\"5c61ddf\" data-element_type=\"container\" data-e-type=\"container\">\n\t\t\t\t\t<div class=\"e-con-inner\">\n\t\t<div class=\"elementor-element elementor-element-65c7e26 e-con-full e-flex e-con e-child\" data-id=\"65c7e26\" data-element_type=\"container\" data-e-type=\"container\">\n\t\t\t\t<div class=\"elementor-element elementor-element-684afc1e elementor-widget elementor-widget-heading\" data-id=\"684afc1e\" data-element_type=\"widget\" data-e-type=\"widget\" data-widget_type=\"heading.default\">\n\t\t\t\t\t<h3 class=\"elementor-heading-title elementor-size-default\">Partnerschaften <\/h3>\t\t\t\t<\/div>\n\t\t\t\t<\/div>\n\t\t\t\t\t<\/div>\n\t\t\t\t<\/div>\n\t\t<div class=\"elementor-element elementor-element-c2527c8 e-flex e-con-boxed e-con e-parent\" data-id=\"c2527c8\" data-element_type=\"container\" data-e-type=\"container\">\n\t\t\t\t\t<div class=\"e-con-inner\">\n\t\t<div class=\"elementor-element elementor-element-bb91477 e-con-full e-flex e-con e-child\" data-id=\"bb91477\" data-element_type=\"container\" data-e-type=\"container\">\n\t\t\t\t<div class=\"elementor-element elementor-element-b2b3618 elementor-widget elementor-widget-image-gallery\" data-id=\"b2b3618\" data-element_type=\"widget\" data-e-type=\"widget\" data-widget_type=\"image-gallery.default\">\n\t\t\t\t\t\t\t<div class=\"elementor-image-gallery\">\n\t\t\t<div id='gallery-1' class='gallery galleryid-19 gallery-columns-3 gallery-size-medium'><figure class='gallery-item'>\n\t\t\t<div class='gallery-icon landscape'>\n\t\t\t\t<a data-elementor-open-lightbox=\"no\" href='https:\/\/www.reconnectproject.org\/wp-content\/uploads\/2026\/01\/CoSo-viciniallepersone_logo.png'><img loading=\"lazy\" decoding=\"async\" width=\"300\" height=\"129\" src=\"https:\/\/www.reconnectproject.org\/wp-content\/uploads\/2026\/01\/CoSo-viciniallepersone_logo-300x129.png\" class=\"attachment-medium size-medium\" alt=\"\" aria-describedby=\"gallery-1-208\" srcset=\"https:\/\/www.reconnectproject.org\/wp-content\/uploads\/2026\/01\/CoSo-viciniallepersone_logo-300x129.png 300w, https:\/\/www.reconnectproject.org\/wp-content\/uploads\/2026\/01\/CoSo-viciniallepersone_logo-1024x439.png 1024w, https:\/\/www.reconnectproject.org\/wp-content\/uploads\/2026\/01\/CoSo-viciniallepersone_logo-768x329.png 768w, https:\/\/www.reconnectproject.org\/wp-content\/uploads\/2026\/01\/CoSo-viciniallepersone_logo-1536x658.png 1536w, https:\/\/www.reconnectproject.org\/wp-content\/uploads\/2026\/01\/CoSo-viciniallepersone_logo-2048x878.png 2048w\" sizes=\"auto, (max-width: 300px) 100vw, 300px\" \/><\/a>\n\t\t\t<\/div>\n\t\t\t\t<figcaption class='wp-caption-text gallery-caption' id='gallery-1-208'>\n\t\t\t\tConsorzio Co&amp;So (Italien)\n\t\t\t\t<\/figcaption><\/figure><figure class='gallery-item'>\n\t\t\t<div class='gallery-icon landscape'>\n\t\t\t\t<a data-elementor-open-lightbox=\"no\" href='https:\/\/www.reconnectproject.org\/wp-content\/uploads\/2026\/01\/spectrum-logo1-1.webp'><img loading=\"lazy\" decoding=\"async\" width=\"300\" height=\"91\" src=\"https:\/\/www.reconnectproject.org\/wp-content\/uploads\/2026\/01\/spectrum-logo1-1-300x91.webp\" class=\"attachment-medium size-medium\" alt=\"\" aria-describedby=\"gallery-1-216\" srcset=\"https:\/\/www.reconnectproject.org\/wp-content\/uploads\/2026\/01\/spectrum-logo1-1-300x91.webp 300w, https:\/\/www.reconnectproject.org\/wp-content\/uploads\/2026\/01\/spectrum-logo1-1-1024x310.webp 1024w, https:\/\/www.reconnectproject.org\/wp-content\/uploads\/2026\/01\/spectrum-logo1-1-768x232.webp 768w, https:\/\/www.reconnectproject.org\/wp-content\/uploads\/2026\/01\/spectrum-logo1-1-1536x465.webp 1536w, https:\/\/www.reconnectproject.org\/wp-content\/uploads\/2026\/01\/spectrum-logo1-1.webp 1600w\" sizes=\"auto, (max-width: 300px) 100vw, 300px\" \/><\/a>\n\t\t\t<\/div>\n\t\t\t\t<figcaption class='wp-caption-text gallery-caption' id='gallery-1-216'>\n\t\t\t\tSpectrum Research Centre CLG (Irland)\n\t\t\t\t<\/figcaption><\/figure><figure class='gallery-item'>\n\t\t\t<div class='gallery-icon landscape'>\n\t\t\t\t<a data-elementor-open-lightbox=\"no\" href='https:\/\/www.reconnectproject.org\/wp-content\/uploads\/2026\/01\/ENTER-Logo-black-subtitle-scaled.png'><img loading=\"lazy\" decoding=\"async\" width=\"300\" height=\"66\" src=\"https:\/\/www.reconnectproject.org\/wp-content\/uploads\/2026\/01\/ENTER-Logo-black-subtitle-300x66.png\" class=\"attachment-medium size-medium\" alt=\"\" aria-describedby=\"gallery-1-214\" srcset=\"https:\/\/www.reconnectproject.org\/wp-content\/uploads\/2026\/01\/ENTER-Logo-black-subtitle-300x66.png 300w, https:\/\/www.reconnectproject.org\/wp-content\/uploads\/2026\/01\/ENTER-Logo-black-subtitle-1024x226.png 1024w, https:\/\/www.reconnectproject.org\/wp-content\/uploads\/2026\/01\/ENTER-Logo-black-subtitle-768x169.png 768w, https:\/\/www.reconnectproject.org\/wp-content\/uploads\/2026\/01\/ENTER-Logo-black-subtitle-1536x338.png 1536w, https:\/\/www.reconnectproject.org\/wp-content\/uploads\/2026\/01\/ENTER-Logo-black-subtitle-2048x451.png 2048w\" sizes=\"auto, (max-width: 300px) 100vw, 300px\" \/><\/a>\n\t\t\t<\/div>\n\t\t\t\t<figcaption class='wp-caption-text gallery-caption' id='gallery-1-214'>\n\t\t\t\tE.N.T.E.R. GMBH (\u00d6sterreich)\n\t\t\t\t<\/figcaption><\/figure><figure class='gallery-item'>\n\t\t\t<div class='gallery-icon portrait'>\n\t\t\t\t<a data-elementor-open-lightbox=\"no\" href='https:\/\/www.reconnectproject.org\/wp-content\/uploads\/2026\/02\/Logo-Ufficiale-Hikikomori-Italia-scaled.png'><img loading=\"lazy\" decoding=\"async\" width=\"254\" height=\"300\" src=\"https:\/\/www.reconnectproject.org\/wp-content\/uploads\/2026\/02\/Logo-Ufficiale-Hikikomori-Italia-254x300.png\" class=\"attachment-medium size-medium\" alt=\"\" aria-describedby=\"gallery-1-310\" srcset=\"https:\/\/www.reconnectproject.org\/wp-content\/uploads\/2026\/02\/Logo-Ufficiale-Hikikomori-Italia-254x300.png 254w, https:\/\/www.reconnectproject.org\/wp-content\/uploads\/2026\/02\/Logo-Ufficiale-Hikikomori-Italia-868x1024.png 868w, https:\/\/www.reconnectproject.org\/wp-content\/uploads\/2026\/02\/Logo-Ufficiale-Hikikomori-Italia-768x906.png 768w, https:\/\/www.reconnectproject.org\/wp-content\/uploads\/2026\/02\/Logo-Ufficiale-Hikikomori-Italia-1302x1536.png 1302w, https:\/\/www.reconnectproject.org\/wp-content\/uploads\/2026\/02\/Logo-Ufficiale-Hikikomori-Italia-1736x2048.png 1736w\" sizes=\"auto, (max-width: 254px) 100vw, 254px\" \/><\/a>\n\t\t\t<\/div>\n\t\t\t\t<figcaption class='wp-caption-text gallery-caption' id='gallery-1-310'>\n\t\t\t\tHikikomori Italia (Italien)\n\t\t\t\t<\/figcaption><\/figure><figure class='gallery-item'>\n\t\t\t<div class='gallery-icon landscape'>\n\t\t\t\t<a data-elementor-open-lightbox=\"no\" href='https:\/\/www.reconnectproject.org\/wp-content\/uploads\/2026\/01\/cropped-La-Salle-PuertoReal_web.png'><img loading=\"lazy\" decoding=\"async\" width=\"300\" height=\"163\" src=\"https:\/\/www.reconnectproject.org\/wp-content\/uploads\/2026\/01\/cropped-La-Salle-PuertoReal_web-300x163.png\" class=\"attachment-medium size-medium\" alt=\"\" aria-describedby=\"gallery-1-213\" srcset=\"https:\/\/www.reconnectproject.org\/wp-content\/uploads\/2026\/01\/cropped-La-Salle-PuertoReal_web-300x163.png 300w, https:\/\/www.reconnectproject.org\/wp-content\/uploads\/2026\/01\/cropped-La-Salle-PuertoReal_web.png 500w\" sizes=\"auto, (max-width: 300px) 100vw, 300px\" \/><\/a>\n\t\t\t<\/div>\n\t\t\t\t<figcaption class='wp-caption-text gallery-caption' id='gallery-1-213'>\n\t\t\t\tLa Salle-Buen Consejo (Spanien)\n\t\t\t\t<\/figcaption><\/figure><figure class='gallery-item'>\n\t\t\t<div class='gallery-icon landscape'>\n\t\t\t\t<a data-elementor-open-lightbox=\"no\" href='https:\/\/www.reconnectproject.org\/wp-content\/uploads\/2026\/01\/Progetto-senza-titolo-19.png'><img loading=\"lazy\" decoding=\"async\" width=\"300\" height=\"300\" src=\"https:\/\/www.reconnectproject.org\/wp-content\/uploads\/2026\/01\/Progetto-senza-titolo-19-300x300.png\" class=\"attachment-medium size-medium\" alt=\"\" aria-describedby=\"gallery-1-218\" srcset=\"https:\/\/www.reconnectproject.org\/wp-content\/uploads\/2026\/01\/Progetto-senza-titolo-19-300x300.png 300w, https:\/\/www.reconnectproject.org\/wp-content\/uploads\/2026\/01\/Progetto-senza-titolo-19-150x150.png 150w, https:\/\/www.reconnectproject.org\/wp-content\/uploads\/2026\/01\/Progetto-senza-titolo-19.png 500w\" sizes=\"auto, (max-width: 300px) 100vw, 300px\" \/><\/a>\n\t\t\t<\/div>\n\t\t\t\t<figcaption class='wp-caption-text gallery-caption' id='gallery-1-218'>\n\t\t\t\tDirectia Generala de Asistenta Sociala si Protectia Copilului Harghita (Rum\u00e4nien)\n\t\t\t\t<\/figcaption><\/figure>\n\t\t<\/div>\n\t\t<\/div>\n\t\t\t\t\t\t<\/div>\n\t\t\t\t<div class=\"elementor-element elementor-element-1f282a9 elementor-shape-rounded elementor-grid-0 e-grid-align-center elementor-widget elementor-widget-social-icons\" data-id=\"1f282a9\" data-element_type=\"widget\" data-e-type=\"widget\" data-widget_type=\"social-icons.default\">\n\t\t\t\t\t\t\t<div class=\"elementor-social-icons-wrapper elementor-grid\" role=\"list\">\n\t\t\t\t\t\t\t<span class=\"elementor-grid-item\" role=\"listitem\">\n\t\t\t\t\t<a class=\"elementor-icon elementor-social-icon elementor-social-icon-facebook elementor-repeater-item-f01a773\" href=\"https:\/\/www.facebook.com\/reconnecteuproject\/\" target=\"_blank\">\n\t\t\t\t\t\t<span class=\"elementor-screen-only\">Facebook<\/span>\n\t\t\t\t\t\t<svg aria-hidden=\"true\" class=\"e-font-icon-svg e-fab-facebook\" viewbox=\"0 0 512 512\" xmlns=\"http:\/\/www.w3.org\/2000\/svg\"><path d=\"M504 256C504 119 393 8 256 8S8 119 8 256c0 123.78 90.69 226.38 209.25 245V327.69h-63V256h63v-54.64c0-62.15 37-96.48 93.67-96.48 27.14 0 55.52 4.84 55.52 4.84v61h-31.28c-30.8 0-40.41 19.12-40.41 38.73V256h68.78l-11 71.69h-57.78V501C413.31 482.38 504 379.78 504 256z\"><\/path><\/svg>\t\t\t\t\t<\/a>\n\t\t\t\t<\/span>\n\t\t\t\t\t\t\t<span class=\"elementor-grid-item\" role=\"listitem\">\n\t\t\t\t\t<a class=\"elementor-icon elementor-social-icon elementor-social-icon-instagram elementor-repeater-item-5799c28\" href=\"https:\/\/www.instagram.com\/reconnect_eu\/\" target=\"_blank\">\n\t\t\t\t\t\t<span class=\"elementor-screen-only\">Instagram<\/span>\n\t\t\t\t\t\t<svg aria-hidden=\"true\" class=\"e-font-icon-svg e-fab-instagram\" viewbox=\"0 0 448 512\" xmlns=\"http:\/\/www.w3.org\/2000\/svg\"><path d=\"M224.1 141c-63.6 0-114.9 51.3-114.9 114.9s51.3 114.9 114.9 114.9S339 319.5 339 255.9 287.7 141 224.1 141zm0 189.6c-41.1 0-74.7-33.5-74.7-74.7s33.5-74.7 74.7-74.7 74.7 33.5 74.7 74.7-33.6 74.7-74.7 74.7zm146.4-194.3c0 14.9-12 26.8-26.8 26.8-14.9 0-26.8-12-26.8-26.8s12-26.8 26.8-26.8 26.8 12 26.8 26.8zm76.1 27.2c-1.7-35.9-9.9-67.7-36.2-93.9-26.2-26.2-58-34.4-93.9-36.2-37-2.1-147.9-2.1-184.9 0-35.8 1.7-67.6 9.9-93.9 36.1s-34.4 58-36.2 93.9c-2.1 37-2.1 147.9 0 184.9 1.7 35.9 9.9 67.7 36.2 93.9s58 34.4 93.9 36.2c37 2.1 147.9 2.1 184.9 0 35.9-1.7 67.7-9.9 93.9-36.2 26.2-26.2 34.4-58 36.2-93.9 2.1-37 2.1-147.8 0-184.8zM398.8 388c-7.8 19.6-22.9 34.7-42.6 42.6-29.5 11.7-99.5 9-132.1 9s-102.7 2.6-132.1-9c-19.6-7.8-34.7-22.9-42.6-42.6-11.7-29.5-9-99.5-9-132.1s-2.6-102.7 9-132.1c7.8-19.6 22.9-34.7 42.6-42.6 29.5-11.7 99.5-9 132.1-9s102.7-2.6 132.1 9c19.6 7.8 34.7 22.9 42.6 42.6 11.7 29.5 9 99.5 9 132.1s2.7 102.7-9 132.1z\"><\/path><\/svg>\t\t\t\t\t<\/a>\n\t\t\t\t<\/span>\n\t\t\t\t\t<\/div>\n\t\t\t\t\t\t<\/div>\n\t\t\t\t<\/div>\n\t\t\t\t\t<\/div>\n\t\t\t\t<\/div>\n\t\t<div class=\"elementor-element elementor-element-4c9ae96 e-flex e-con-boxed e-con e-parent\" data-id=\"4c9ae96\" data-element_type=\"container\" data-e-type=\"container\">\n\t\t\t\t\t<div class=\"e-con-inner\">\n\t\t<div class=\"elementor-element elementor-element-6a4cbb1 e-con-full e-flex e-con e-child\" data-id=\"6a4cbb1\" data-element_type=\"container\" data-e-type=\"container\">\n\t\t\t\t<div class=\"elementor-element elementor-element-55ec9d6b elementor-widget elementor-widget-image\" data-id=\"55ec9d6b\" data-element_type=\"widget\" data-e-type=\"widget\" data-widget_type=\"image.default\">\n\t\t\t\t\t\t\t\t\t\t\t\t<figure class=\"wp-caption\">\n\t\t\t\t\t\t\t\t\t\t<img loading=\"lazy\" decoding=\"async\" width=\"800\" height=\"178\" src=\"https:\/\/www.reconnectproject.org\/wp-content\/uploads\/2026\/01\/EN_Co-fundedbytheEU_RGB_Monochrome-1024x228.png\" class=\"attachment-large size-large wp-image-225\" alt=\"\" srcset=\"https:\/\/www.reconnectproject.org\/wp-content\/uploads\/2026\/01\/EN_Co-fundedbytheEU_RGB_Monochrome-1024x228.png 1024w, https:\/\/www.reconnectproject.org\/wp-content\/uploads\/2026\/01\/EN_Co-fundedbytheEU_RGB_Monochrome-300x67.png 300w, https:\/\/www.reconnectproject.org\/wp-content\/uploads\/2026\/01\/EN_Co-fundedbytheEU_RGB_Monochrome-768x171.png 768w, https:\/\/www.reconnectproject.org\/wp-content\/uploads\/2026\/01\/EN_Co-fundedbytheEU_RGB_Monochrome-1536x343.png 1536w, https:\/\/www.reconnectproject.org\/wp-content\/uploads\/2026\/01\/EN_Co-fundedbytheEU_RGB_Monochrome-2048x457.png 2048w\" sizes=\"(max-width: 800px) 100vw, 800px\" \/>\t\t\t\t\t\t\t\t\t\t\t<figcaption class=\"widget-image-caption wp-caption-text\">Projekt Nummer: 2025-1-IT02-KA220-SCH-000363822<\/figcaption>\n\t\t\t\t\t\t\t\t\t\t<\/figure>\n\t\t\t\t\t\t\t\t\t<\/div>\n\t\t\t\t<\/div>\n\t\t<div class=\"elementor-element elementor-element-3bcaf03 e-con-full e-flex e-con e-child\" data-id=\"3bcaf03\" data-element_type=\"container\" data-e-type=\"container\">\n\t\t\t\t<div class=\"elementor-element elementor-element-20c10a2 elementor-widget elementor-widget-text-editor\" data-id=\"20c10a2\" data-element_type=\"widget\" data-e-type=\"widget\" data-widget_type=\"text-editor.default\">\n\t\t\t\t\t\t\t\t\t<p><strong>Projekttitel:<\/strong> Verstehen, st\u00e4rken, begleiten - Lehrkr\u00e4fte und Sch\u00fclerInnen als Schl\u00fcssel zur Reintegration von Hikikomori-Betroffenen<\/p><pre id=\"tw-target-text\" class=\"tw-data-text tw-text-large tw-ta\" dir=\"ltr\" tabindex=\"-1\" role=\"text\" data-placeholder=\"Traduzione\" data-ved=\"2ahUKEwiQ_IWYg_KTAxUz5AIHHZp1MWkQ3ewLegQIDBAV\" aria-label=\"Testo tradotto: Funded by the European Union. However, the opinions expressed are those of the author(s) alone and do not necessarily reflect the views of the European Union or the Erasmus+ National Agency (INDIRE). Neither the European Union nor the funding authority can be held responsible for them.\"><em><span class=\"Y2IQFc\" lang=\"en\">Von der Europ\u00e4ischen Union finanziert. Die ge\u00e4u\u00dferten Ansichten und Meinungen entsprechen jedoch ausschlie\u00dflich denen des Autors bzw. der Autoren und spiegeln nicht zwingend die der Europ\u00e4ischen Union oder der Europ\u00e4ischen Exekutivagentur f\u00fcr Bildung und Kultur (EACEA) wider. Weder die Europ\u00e4ische Union noch die EACEA k\u00f6nnen daf\u00fcr verantwortlich gemacht werden.<\/span><\/em><\/pre>\t\t\t\t\t\t\t\t<\/div>\n\t\t\t\t<\/div>\n\t\t\t\t\t<\/div>\n\t\t\t\t<\/div>\n\t\t<div class=\"elementor-element elementor-element-331e11e6 e-con-full e-flex e-con e-parent\" data-id=\"331e11e6\" data-element_type=\"container\" data-e-type=\"container\" data-settings=\"{&quot;background_background&quot;:&quot;classic&quot;}\">\n\t\t\t\t<div class=\"elementor-element elementor-element-5ca6490b elementor-widget elementor-widget-heading\" data-id=\"5ca6490b\" data-element_type=\"widget\" data-e-type=\"widget\" data-widget_type=\"heading.default\">\n\t\t\t\t\t<p class=\"elementor-heading-title elementor-size-default\">@ Alle Rechte vorbehalten<\/p>\t\t\t\t<\/div>\n\t\t\t\t<\/div>\n\t\t<div class=\"elementor-element elementor-element-d84c7b0 e-flex e-con-boxed e-con e-parent\" data-id=\"d84c7b0\" data-element_type=\"container\" data-e-type=\"container\">\n\t\t\t\t\t<div class=\"e-con-inner\">\n\t\t\t\t\t<\/div>\n\t\t\t\t<\/div>\n\t\t\t\t<\/div>","protected":false},"excerpt":{"rendered":"<p>Empowering Teachers and Students to Support Hikikomori Reintegration An innovative Erasmus+ KA2 project The project RECONNECT is an innovative Erasmus+ KA2 project that aims at improving the competences of teachers and other school professionals to better support the social and school reintegration of hikikomori and adolescents at risk of social withdrawal (final beneficiaries), thus preventing [&hellip;]<\/p>\n","protected":false},"author":1,"featured_media":0,"parent":0,"menu_order":0,"comment_status":"closed","ping_status":"closed","template":"","meta":{"footnotes":""},"class_list":["post-19","page","type-page","status-publish","hentry"],"aioseo_notices":[],"aioseo_head":"\n\t\t<!-- All in One SEO 5.0.0.1 - aioseo.com -->\n\t<meta name=\"description\" content=\"Empowering Teachers and Students to Support Hikikomori Reintegration An innovative Erasmus+ KA2 project The project RECONNECT is an innovative Erasmus+ KA2 project that aims at improving the competences of teachers and other school professionals to better support the social and school reintegration of hikikomori and adolescents at risk of social withdrawal (final beneficiaries), thus preventing\" \/>\n\t<meta name=\"robots\" content=\"max-image-preview:large\" \/>\n\t<link rel=\"canonical\" href=\"https:\/\/www.reconnectproject.org\/de\/\" \/>\n\t<meta name=\"generator\" content=\"All in One SEO (AIOSEO) 5.0.0.1\" \/>\n\t\t<meta property=\"og:locale\" content=\"de_DE\" \/>\n\t\t<meta property=\"og:site_name\" content=\"RECONNECT Project - Empowering Teachers and Students to Support Hikikomori Reintegration\" \/>\n\t\t<meta property=\"og:type\" content=\"article\" \/>\n\t\t<meta property=\"og:title\" content=\"- RECONNECT Project\" \/>\n\t\t<meta property=\"og:description\" content=\"Empowering Teachers and Students to Support Hikikomori Reintegration An innovative Erasmus+ KA2 project The project RECONNECT is an innovative Erasmus+ KA2 project that aims at improving the competences of teachers and other school professionals to better support the social and school reintegration of hikikomori and adolescents at risk of social withdrawal (final beneficiaries), thus preventing\" \/>\n\t\t<meta property=\"og:url\" content=\"https:\/\/www.reconnectproject.org\/de\/\" \/>\n\t\t<meta property=\"og:image\" content=\"https:\/\/www.reconnectproject.org\/wp-content\/uploads\/2026\/01\/cropped-Progetto-senza-titolo-20.png\" \/>\n\t\t<meta property=\"og:image:secure_url\" content=\"https:\/\/www.reconnectproject.org\/wp-content\/uploads\/2026\/01\/cropped-Progetto-senza-titolo-20.png\" \/>\n\t\t<meta property=\"article:published_time\" content=\"2025-12-12T07:57:20+00:00\" \/>\n\t\t<meta property=\"article:modified_time\" content=\"2026-04-21T09:20:32+00:00\" \/>\n\t\t<meta name=\"twitter:card\" content=\"summary_large_image\" \/>\n\t\t<meta name=\"twitter:title\" content=\"- RECONNECT Project\" \/>\n\t\t<meta name=\"twitter:description\" content=\"Empowering Teachers and Students to Support Hikikomori Reintegration An innovative Erasmus+ KA2 project The project RECONNECT is an innovative Erasmus+ KA2 project that aims at improving the competences of teachers and other school professionals to better support the social and school reintegration of hikikomori and adolescents at risk of social withdrawal (final beneficiaries), thus preventing\" \/>\n\t\t<meta name=\"twitter:image\" content=\"https:\/\/www.reconnectproject.org\/wp-content\/uploads\/2026\/01\/cropped-Progetto-senza-titolo-20.png\" \/>\n\t\t<script type=\"application\/ld+json\" class=\"aioseo-schema\">\n\t\t\t{\"@context\":\"https:\\\/\\\/schema.org\",\"@graph\":[{\"@type\":\"BreadcrumbList\",\"@id\":\"https:\\\/\\\/www.reconnectproject.org\\\/de\\\/#breadcrumblist\",\"itemListElement\":[{\"@type\":\"ListItem\",\"@id\":\"https:\\\/\\\/www.reconnectproject.org\\\/de#listItem\",\"position\":1,\"name\":\"Home\",\"item\":\"https:\\\/\\\/www.reconnectproject.org\\\/de\"},{\"@type\":\"ListItem\",\"@id\":\"https:\\\/\\\/www.reconnectproject.org\\\/de\\\/#listItem\",\"position\":2,\"previousItem\":{\"@type\":\"ListItem\",\"@id\":\"https:\\\/\\\/www.reconnectproject.org\\\/de#listItem\",\"name\":\"Home\"}}]},{\"@type\":\"Organization\",\"@id\":\"https:\\\/\\\/www.reconnectproject.org\\\/de\\\/#organization\",\"name\":\"RECONNECT Project\",\"description\":\"Empowering Teachers and Students to Support Hikikomori Reintegration\",\"url\":\"https:\\\/\\\/www.reconnectproject.org\\\/de\\\/\",\"logo\":{\"@type\":\"ImageObject\",\"url\":\"https:\\\/\\\/www.reconnectproject.org\\\/wp-content\\\/uploads\\\/2026\\\/01\\\/cropped-Progetto-senza-titolo-20.png\",\"@id\":\"https:\\\/\\\/www.reconnectproject.org\\\/de\\\/#organizationLogo\",\"width\":170,\"height\":100},\"image\":{\"@id\":\"https:\\\/\\\/www.reconnectproject.org\\\/de\\\/#organizationLogo\"}},{\"@type\":\"WebPage\",\"@id\":\"https:\\\/\\\/www.reconnectproject.org\\\/de\\\/#webpage\",\"url\":\"https:\\\/\\\/www.reconnectproject.org\\\/de\\\/\",\"name\":\"- RECONNECT Project\",\"description\":\"Empowering Teachers and Students to Support Hikikomori Reintegration An innovative Erasmus+ KA2 project The project RECONNECT is an innovative Erasmus+ KA2 project that aims at improving the competences of teachers and other school professionals to better support the social and school reintegration of hikikomori and adolescents at risk of social withdrawal (final beneficiaries), thus preventing\",\"inLanguage\":\"de-DE\",\"isPartOf\":{\"@id\":\"https:\\\/\\\/www.reconnectproject.org\\\/de\\\/#website\"},\"breadcrumb\":{\"@id\":\"https:\\\/\\\/www.reconnectproject.org\\\/de\\\/#breadcrumblist\"},\"datePublished\":\"2025-12-12T07:57:20+00:00\",\"dateModified\":\"2026-04-21T09:20:32+00:00\"},{\"@type\":\"WebSite\",\"@id\":\"https:\\\/\\\/www.reconnectproject.org\\\/de\\\/#website\",\"url\":\"https:\\\/\\\/www.reconnectproject.org\\\/de\\\/\",\"name\":\"RECONNECT Project\",\"description\":\"Empowering Teachers and Students to Support Hikikomori Reintegration\",\"inLanguage\":\"de-DE\",\"publisher\":{\"@id\":\"https:\\\/\\\/www.reconnectproject.org\\\/de\\\/#organization\"}}]}\n\t\t<\/script>\n\t\t<!-- All in One SEO -->\n\n","aioseo_head_json":{"title":"- RECONNECT Project","description":"Empowering Teachers and Students to Support Hikikomori Reintegration An innovative Erasmus+ KA2 project The project RECONNECT is an innovative Erasmus+ KA2 project that aims at improving the competences of teachers and other school professionals to better support the social and school reintegration of hikikomori and adolescents at risk of social withdrawal (final beneficiaries), thus preventing","canonical_url":"https:\/\/www.reconnectproject.org\/de\/","robots":"max-image-preview:large","keywords":"","webmasterTools":{"miscellaneous":""},"schema":{"@context":"https:\/\/schema.org","@graph":[{"@type":"BreadcrumbList","@id":"https:\/\/www.reconnectproject.org\/de\/#breadcrumblist","itemListElement":[{"@type":"ListItem","@id":"https:\/\/www.reconnectproject.org\/de#listItem","position":1,"name":"Home","item":"https:\/\/www.reconnectproject.org\/de"},{"@type":"ListItem","@id":"https:\/\/www.reconnectproject.org\/de\/#listItem","position":2,"previousItem":{"@type":"ListItem","@id":"https:\/\/www.reconnectproject.org\/de#listItem","name":"Home"}}]},{"@type":"Organization","@id":"https:\/\/www.reconnectproject.org\/de\/#organization","name":"RECONNECT Project","description":"Empowering Teachers and Students to Support Hikikomori Reintegration","url":"https:\/\/www.reconnectproject.org\/de\/","logo":{"@type":"ImageObject","url":"https:\/\/www.reconnectproject.org\/wp-content\/uploads\/2026\/01\/cropped-Progetto-senza-titolo-20.png","@id":"https:\/\/www.reconnectproject.org\/de\/#organizationLogo","width":170,"height":100},"image":{"@id":"https:\/\/www.reconnectproject.org\/de\/#organizationLogo"}},{"@type":"WebPage","@id":"https:\/\/www.reconnectproject.org\/de\/#webpage","url":"https:\/\/www.reconnectproject.org\/de\/","name":"- RECONNECT Project","description":"Empowering Teachers and Students to Support Hikikomori Reintegration An innovative Erasmus+ KA2 project The project RECONNECT is an innovative Erasmus+ KA2 project that aims at improving the competences of teachers and other school professionals to better support the social and school reintegration of hikikomori and adolescents at risk of social withdrawal (final beneficiaries), thus preventing","inLanguage":"de-DE","isPartOf":{"@id":"https:\/\/www.reconnectproject.org\/de\/#website"},"breadcrumb":{"@id":"https:\/\/www.reconnectproject.org\/de\/#breadcrumblist"},"datePublished":"2025-12-12T07:57:20+00:00","dateModified":"2026-04-21T09:20:32+00:00"},{"@type":"WebSite","@id":"https:\/\/www.reconnectproject.org\/de\/#website","url":"https:\/\/www.reconnectproject.org\/de\/","name":"RECONNECT Project","description":"Empowering Teachers and Students to Support Hikikomori Reintegration","inLanguage":"de-DE","publisher":{"@id":"https:\/\/www.reconnectproject.org\/de\/#organization"}}]},"og:locale":"de_DE","og:site_name":"RECONNECT Project - Empowering Teachers and Students to Support Hikikomori Reintegration","og:type":"article","og:title":"- RECONNECT Project","og:description":"Empowering Teachers and Students to Support Hikikomori Reintegration An innovative Erasmus+ KA2 project The project RECONNECT is an innovative Erasmus+ KA2 project that aims at improving the competences of teachers and other school professionals to better support the social and school reintegration of hikikomori and adolescents at risk of social withdrawal (final beneficiaries), thus preventing","og:url":"https:\/\/www.reconnectproject.org\/de\/","og:image":"https:\/\/www.reconnectproject.org\/wp-content\/uploads\/2026\/01\/cropped-Progetto-senza-titolo-20.png","og:image:secure_url":"https:\/\/www.reconnectproject.org\/wp-content\/uploads\/2026\/01\/cropped-Progetto-senza-titolo-20.png","article:published_time":"2025-12-12T07:57:20+00:00","article:modified_time":"2026-04-21T09:20:32+00:00","twitter:card":"summary_large_image","twitter:title":"- RECONNECT Project","twitter:description":"Empowering Teachers and Students to Support Hikikomori Reintegration An innovative Erasmus+ KA2 project The project RECONNECT is an innovative Erasmus+ KA2 project that aims at improving the competences of teachers and other school professionals to better support the social and school reintegration of hikikomori and adolescents at risk of social withdrawal (final beneficiaries), thus preventing","twitter:image":"https:\/\/www.reconnectproject.org\/wp-content\/uploads\/2026\/01\/cropped-Progetto-senza-titolo-20.png"},"aioseo_meta_data":{"post_id":"19","title":null,"description":null,"keywords":null,"keyphrases":{"focus":{"keyphrase":"","score":0,"analysis":{"keyphraseInTitle":{"score":0,"maxScore":9,"error":1}}},"additional":[]},"primary_term":null,"canonical_url":null,"og_title":null,"og_description":null,"og_object_type":"default","og_image_type":"default","og_image_url":null,"og_image_width":null,"og_image_height":null,"og_image_custom_url":null,"og_image_custom_fields":null,"og_video":"","og_custom_url":null,"og_article_section":null,"og_article_tags":null,"twitter_use_og":false,"twitter_card":"default","twitter_image_type":"default","twitter_image_url":null,"twitter_image_custom_url":null,"twitter_image_custom_fields":null,"twitter_title":null,"twitter_description":null,"schema":{"blockGraphs":[],"customGraphs":[],"default":{"data":{"Article":[],"Course":[],"Dataset":[],"FAQPage":[],"Movie":[],"Person":[],"Product":[],"ProductReview":[],"Car":[],"Recipe":[],"Service":[],"SoftwareApplication":[],"WebPage":[]},"graphName":"WebPage","isEnabled":true},"graphs":[]},"schema_type":"default","schema_type_options":null,"pillar_content":false,"robots_default":true,"robots_noindex":false,"robots_noarchive":false,"robots_nosnippet":false,"robots_nofollow":false,"robots_noimageindex":false,"robots_noodp":false,"robots_notranslate":false,"robots_max_snippet":"-1","robots_max_videopreview":"-1","robots_max_imagepreview":"large","priority":null,"frequency":"default","local_seo":null,"breadcrumb_settings":null,"limit_modified_date":true,"ai":{"faqs":[],"keyPoints":[],"titles":[],"descriptions":[],"socialPosts":{"email":[],"linkedin":[],"twitter":[],"facebook":[],"instagram":[]}},"created":"2025-12-12 08:00:16","updated":"2026-04-21 17:17:59","seo_analyzer_scan_date":null,"focus_keyword":null,"additional_keywords":null,"truseo_locale":null},"aioseo_breadcrumb":"<div class=\"aioseo-breadcrumbs\"><span class=\"aioseo-breadcrumb\">\n\t\t\t<a href=\"https:\/\/www.reconnectproject.org\/de\" title=\"Home\">Home<\/a>\n\t\t<\/span><span class=\"aioseo-breadcrumb-separator\">&raquo;<\/span><span class=\"aioseo-breadcrumb\">\n\t\t\t\n\t\t<\/span><\/div>","aioseo_breadcrumb_json":[{"label":"Home","link":"https:\/\/www.reconnectproject.org\/de"},{"label":"","link":"https:\/\/www.reconnectproject.org\/de\/"}],"_links":{"self":[{"href":"https:\/\/www.reconnectproject.org\/de\/wp-json\/wp\/v2\/pages\/19","targetHints":{"allow":["GET"]}}],"collection":[{"href":"https:\/\/www.reconnectproject.org\/de\/wp-json\/wp\/v2\/pages"}],"about":[{"href":"https:\/\/www.reconnectproject.org\/de\/wp-json\/wp\/v2\/types\/page"}],"author":[{"embeddable":true,"href":"https:\/\/www.reconnectproject.org\/de\/wp-json\/wp\/v2\/users\/1"}],"replies":[{"embeddable":true,"href":"https:\/\/www.reconnectproject.org\/de\/wp-json\/wp\/v2\/comments?post=19"}],"version-history":[{"count":85,"href":"https:\/\/www.reconnectproject.org\/de\/wp-json\/wp\/v2\/pages\/19\/revisions"}],"predecessor-version":[{"id":375,"href":"https:\/\/www.reconnectproject.org\/de\/wp-json\/wp\/v2\/pages\/19\/revisions\/375"}],"wp:attachment":[{"href":"https:\/\/www.reconnectproject.org\/de\/wp-json\/wp\/v2\/media?parent=19"}],"curies":[{"name":"wp","href":"https:\/\/api.w.org\/{rel}","templated":true}]}}